{"id":9,"date":"2025-01-09T11:16:00","date_gmt":"2025-01-09T09:16:00","guid":{"rendered":"https:\/\/tampereenkalevalaiset.fi\/?page_id=9"},"modified":"2026-08-23T20:08:40","modified_gmt":"2026-08-23T17:08:40","slug":"tapahtumat","status":"publish","type":"page","link":"https:\/\/tampereenkalevalaiset.fi\/?page_id=9","title":{"rendered":"Puheenjohtajan terveiset"},"content":{"rendered":"\n<blockquote class=\"wp-block-quote is-layout-flow wp-block-quote-is-layout-flow\">\n<p class=\"wp-block-paragraph\"><\/p>\n\n\n\n<h2 class=\"wp-block-heading\"><strong>Alkusyksyn tervehdys!<\/strong><\/h2>\n<\/blockquote>\n\n\n\n<p class=\"wp-block-paragraph\">Kun ajattelemme suomalaista kansallispukua, monelle tulee ensimm\u00e4isen\u00e4 mieleen kirkasraitainen hame, kirjailtu tykkimyssy, pr\u00e4ss\u00e4tty pellavapaita ja hopeinen solki. N\u00e4emme mieless\u00e4mme juhlavan puvun, jota pidet\u00e4\u00e4n yll\u00e4 itsen\u00e4isyysp\u00e4iv\u00e4n\u00e4 tai sukujuhlissa. Kansallispuku on kuitenkin paljon enemm\u00e4n kuin vain museoitu perinnevaate \u2013 se on el\u00e4v\u00e4 osa kulttuuriamme, k\u00e4sity\u00f6taiteen mestarin\u00e4yte ja ilmaisu siit\u00e4, keit\u00e4 me olemme ja mist\u00e4 tulemme. Se on osa suomalaisia juuriamme.<\/p>\n\n\n\n<p class=\"wp-block-paragraph\">Puvut syntyiv\u00e4t aikanaan juhlaviksi asukokonaisuuksiksi, jotka kertoivat kantajansa kotipaikasta, s\u00e4\u00e4dyst\u00e4 ja jopa siviilis\u00e4\u00e4dyst\u00e4. Jokainen leikkaus, raita ja kirjonta kantaa mukanaan palasta tietyn paikkakunnan historiaa.<\/p>\n\n\n\n<p class=\"wp-block-paragraph\">Nykyp\u00e4iv\u00e4n\u00e4 suhde kansallispukuun el\u00e4\u00e4 mielenkiintoista murrosvaihetta. Se on edelleen arvokas juhla-asu, joka rinnastetaan iltapukuun tai smokkiin konfirmaatioissa, h\u00e4iss\u00e4 ja perhejuhlissa. Toisaalta kansallispuvun k\u00e4ytt\u00f6\u00f6n on tullut uutta, raikasta rentoutta, jota n\u00e4kee my\u00f6s j\u00e4rjest\u00f6mme toiminnassa ja j\u00e4senist\u00f6n keskuudessa.<\/p>\n\n\n\n<p class=\"wp-block-paragraph\">Syksyll\u00e4 j\u00e4rjestett\u00e4v\u00e4t kansallispukutuuletukset kokoavat ihmisi\u00e4 yhteen tuomaan pukunsa n\u00e4kyville my\u00f6s ilman tiukkoja protokollaohjeita. Puvun osia yhdistell\u00e4\u00e4n yh\u00e4 rohkeammin moderniin pukeutumiseen. Kirjailtu liivi farkkujen kanssa tai perinneasuste neuleen parina tuo perinteen osaksi jokap\u00e4iv\u00e4ist\u00e4 tyyli\u00e4.<\/p>\n\n\n\n<p class=\"wp-block-paragraph\">Kansallispuku edustaa ekologisuuden huipentumaa. Se on valmistettu luonnonmateriaaleista \u2013 villasta, pellavasta ja silkist\u00e4 \u2013 ja tehty kest\u00e4m\u00e4\u00e4n sukupolvelta toiselle. Sen elinkaari lasketaan vuosikymmeniss\u00e4, jopa vuosisadassa. Kansallispuku on my\u00f6s vastaisku nykyajan ylikulutukselle. Se edustaa kest\u00e4v\u00e4\u00e4 kehityst\u00e4 parhaimmillaan: se hankitaan tai tehd\u00e4\u00e4n kerran, sit\u00e4 huolletaan rakkaudella ja se s\u00e4ilytt\u00e4\u00e4 arvonsa vuosikymmenten ajan sukupolvesta toiseen.<\/p>\n\n\n\n<p class=\"wp-block-paragraph\">Mielest\u00e4ni kansallispuku on n\u00e4kyv\u00e4 silta menneisyyden ja tulevaisuuden v\u00e4lill\u00e4. Se muistuttaa meit\u00e4 esivanhempiemme k\u00e4sity\u00f6taidosta, k\u00e4rsiv\u00e4llisyydest\u00e4 ja kauneudentajusta.&nbsp;<\/p>\n\n\n\n<p class=\"wp-block-paragraph\">T\u00e4n\u00e4 syksyn\u00e4 Tampereen Kalevalaiset tuulettavat kansallispukujaan ja niiden osia monessa tapahtumassa! Kutsumme teid\u00e4t kaikki tuomaan omat pukunne, sen osat tai kansallispukumuistonne osaksi yhteist\u00e4 toimintaamme. Arvostetaan, vaalitaan ja k\u00e4ytet\u00e4\u00e4n t\u00e4t\u00e4 upeaa perinnett\u00e4mme rohkeasti yhdess\u00e4 ja annetaan pukujen raitojen, v\u00e4rien ja korujen v\u00e4lkky\u00e4 kilpaa syysauringon kanssa!<\/p>\n\n\n\n<p class=\"wp-block-paragraph\">L\u00e4mpimin syysterveisin<\/p>\n\n\n\n<p class=\"wp-block-paragraph\">Pia K\u00e4hk\u00f6nen<br>Puheenjohtaja<br>Tampereen Kalevalaiset<br><a href=\"mailto:pkahkonen@gmail.com\">pkahkonen@gmail.com<\/a> \/ <a href=\"mailto:tampereenkalevalaiset@gmail.com\">tampereenkalevalaiset@gmail.com<\/a><br>Puh. 044 551 3481<\/p>\n\n\n\n<p class=\"wp-block-paragraph\"><strong><a href=\"https:\/\/tampereenkalevalaiset.fi\/\" data-type=\"link\" data-id=\"https:\/\/tampereenkalevalaiset.fi\/\"> TOIMINTAKALENTERIN L\u00d6YD\u00c4T ETUSIVULTAMME<\/a><\/strong><\/p>\n","protected":false},"excerpt":{"rendered":"<p>Alkusyksyn tervehdys! Kun ajattelemme suomalaista kansallispukua, monelle tulee ensimm\u00e4isen\u00e4 mieleen kirkasraitainen hame, kirjailtu tykkimyssy, pr\u00e4ss\u00e4tty pellavapaita ja hopeinen solki. N\u00e4emme mieless\u00e4mme juhlavan puvun, jota pidet\u00e4\u00e4n yll\u00e4 itsen\u00e4isyysp\u00e4iv\u00e4n\u00e4 tai sukujuhlissa. Kansallispuku on kuitenkin paljon enemm\u00e4n kuin vain museoitu perinnevaate \u2013 se on el\u00e4v\u00e4 osa kulttuuriamme, k\u00e4sity\u00f6taiteen mestarin\u00e4yte ja ilmaisu siit\u00e4, keit\u00e4 me olemme ja mist\u00e4 tulemme. &hellip; <\/p>\n<p class=\"link-more\"><a href=\"https:\/\/tampereenkalevalaiset.fi\/?page_id=9\" class=\"more-link\">Jatka lukemista<span class=\"screen-reader-text\"> &#8221;Puheenjohtajan terveiset&#8221;<\/span><\/a><\/p>\n","protected":false},"author":8,"featured_media":0,"parent":0,"menu_order":0,"comment_status":"closed","ping_status":"closed","template":"","meta":{"_mc_calendar":[],"footnotes":""},"class_list":["post-9","page","type-page","status-publish","hentry"],"_links":{"self":[{"href":"https:\/\/tampereenkalevalaiset.fi\/index.php?rest_route=\/wp\/v2\/pages\/9","targetHints":{"allow":["GET"]}}],"collection":[{"href":"https:\/\/tampereenkalevalaiset.fi\/index.php?rest_route=\/wp\/v2\/pages"}],"about":[{"href":"https:\/\/tampereenkalevalaiset.fi\/index.php?rest_route=\/wp\/v2\/types\/page"}],"author":[{"embeddable":true,"href":"https:\/\/tampereenkalevalaiset.fi\/index.php?rest_route=\/wp\/v2\/users\/8"}],"replies":[{"embeddable":true,"href":"https:\/\/tampereenkalevalaiset.fi\/index.php?rest_route=%2Fwp%2Fv2%2Fcomments&post=9"}],"version-history":[{"count":105,"href":"https:\/\/tampereenkalevalaiset.fi\/index.php?rest_route=\/wp\/v2\/pages\/9\/revisions"}],"predecessor-version":[{"id":2153,"href":"https:\/\/tampereenkalevalaiset.fi\/index.php?rest_route=\/wp\/v2\/pages\/9\/revisions\/2153"}],"wp:attachment":[{"href":"https:\/\/tampereenkalevalaiset.fi\/index.php?rest_route=%2Fwp%2Fv2%2Fmedia&parent=9"}],"curies":[{"name":"wp","href":"https:\/\/api.w.org\/{rel}","templated":true}]}}